{"id":3979,"date":"2018-12-10T15:05:38","date_gmt":"2018-12-10T14:05:38","guid":{"rendered":"https:\/\/www.mairie-villemur-sur-tarn.fr\/site\/?page_id=3979"},"modified":"2026-04-27T14:57:29","modified_gmt":"2026-04-27T12:57:29","slug":"le-maire-les-elus","status":"publish","type":"page","link":"https:\/\/www.mairie-villemur-sur-tarn.fr\/site\/votre-mairie\/le-maire-les-elus\/","title":{"rendered":"LE MAIRE &amp; LES \u00c9LUS"},"content":{"rendered":"<p>[vc_row][vc_column css=\u00a0\u00bb.vc_custom_1605796811010{margin-top: -20px !important;margin-bottom: -20px !important;}\u00a0\u00bb][vc_column_text]<\/p>\n<h1><span style=\"color: #ff6600;\">Le Conseil Municipal<\/span><\/h1>\n<p>[\/vc_column_text][vc_row_inner css=\u00a0\u00bb.vc_custom_1774862939848{margin-top: 0px !important;margin-bottom: -20px !important;}\u00a0\u00bb][vc_column_inner width=\u00a0\u00bb1\/3&Prime;][\/vc_column_inner][vc_column_inner width=\u00a0\u00bb1\/3&Prime;][vc_single_image image=\u00a0\u00bb19851&Prime; img_size=\u00a0\u00bb250&#215;344&Prime; alignment=\u00a0\u00bbcenter\u00a0\u00bb css=\u00a0\u00bb.vc_custom_1777284053912{border-radius: 3px !important;}\u00a0\u00bb][vc_empty_space height=\u00a0\u00bb15px\u00a0\u00bb][vc_column_text]<\/p>\n<p style=\"text-align: center;\"><span style=\"color: #000000; font-size: 14px;\"><strong>Serge Moulet<br \/>\n<\/strong><\/span><span style=\"font-size: 14px;\">Maire de Villemur-sur-Tarn<\/span><\/p>\n<p>[\/vc_column_text][vc_btn title=\u00a0\u00bbSolliciter un rendez-vous\u00a0\u00bb color=\u00a0\u00bbsandy-brown\u00a0\u00bb size=\u00a0\u00bbsm\u00a0\u00bb align=\u00a0\u00bbcenter\u00a0\u00bb link=\u00a0\u00bburl:mailto%3Acabinetdumaire%40mairie-villemur-sur-tarn.fr|title:Solliciter%20un%20rendez-vous|target:%20_blank|\u00a0\u00bb][\/vc_column_inner][vc_column_inner width=\u00a0\u00bb1\/3&Prime;][\/vc_column_inner][\/vc_row_inner][\/vc_column][\/vc_row][vc_row css=\u00a0\u00bb.vc_custom_1774863585868{margin-top: -150px !important;margin-bottom: -20px !important;}\u00a0\u00bb][vc_column css=\u00a0\u00bb.vc_custom_1605796811010{margin-top: -20px !important;margin-bottom: -20px !important;}\u00a0\u00bb][vc_separator][vc_row_inner css=\u00a0\u00bb.vc_custom_1774863577185{margin-top: 0px !important;margin-bottom: 0px !important;}\u00a0\u00bb][vc_column_inner width=\u00a0\u00bb1\/4&Prime;][vc_single_image image=\u00a0\u00bb19638&Prime; img_size=\u00a0\u00bb182&#215;250&Prime; alignment=\u00a0\u00bbcenter\u00a0\u00bb][vc_empty_space height=\u00a0\u00bb15px\u00a0\u00bb][vc_column_text]<\/p>\n<p style=\"text-align: center;\"><span style=\"color: #000000; font-size: 14px;\"><strong>Caroline Villa<\/strong><\/span><br \/>\n<em><span style=\"font-size: 14px;\">1<sup>\u00e8re<\/sup> ajointe<\/span><\/em><\/p>\n<p style=\"text-align: center;\">D\u00e9l\u00e9gu\u00e9e aux finances, ressources humaines, administration g\u00e9n\u00e9rale, \u00e9tat civil, transcription des actes<\/p>\n<p>[\/vc_column_text][\/vc_column_inner][vc_column_inner width=\u00a0\u00bb1\/4&Prime;][vc_single_image image=\u00a0\u00bb19639&Prime; img_size=\u00a0\u00bb182&#215;250&Prime; alignment=\u00a0\u00bbcenter\u00a0\u00bb][vc_empty_space height=\u00a0\u00bb15px\u00a0\u00bb][vc_column_text]<\/p>\n<p style=\"text-align: center;\"><span style=\"color: #000000; font-size: 14px;\"><strong>Quentin Duros<br \/>\n<\/strong><\/span><span style=\"font-size: 14px;\"><em>2<sup>e<\/sup> adjoint<\/em><\/span><\/p>\n<p style=\"text-align: center;\">D\u00e9l\u00e9gu\u00e9 \u00e0 la s\u00e9curit\u00e9 publique<\/p>\n<p>[\/vc_column_text][\/vc_column_inner][vc_column_inner width=\u00a0\u00bb1\/4&Prime;][vc_single_image image=\u00a0\u00bb19640&Prime; img_size=\u00a0\u00bb182&#215;250&Prime; alignment=\u00a0\u00bbcenter\u00a0\u00bb][vc_empty_space height=\u00a0\u00bb15px\u00a0\u00bb][vc_column_text]<\/p>\n<p style=\"text-align: center;\"><span style=\"color: #000000; font-size: 14px;\"><strong>Sabrina Romero<br \/>\n<\/strong><em>3<sup>e<\/sup> adjointe<\/em><\/span><\/p>\n<p style=\"text-align: center;\">D\u00e9l\u00e9gu\u00e9e aux affaires scolaires<\/p>\n<p>[\/vc_column_text][\/vc_column_inner][vc_column_inner width=\u00a0\u00bb1\/4&Prime;][vc_single_image image=\u00a0\u00bb19641&Prime; img_size=\u00a0\u00bb182&#215;250&Prime; alignment=\u00a0\u00bbcenter\u00a0\u00bb][vc_empty_space height=\u00a0\u00bb15px\u00a0\u00bb][vc_column_text]<\/p>\n<p style=\"text-align: center;\"><span style=\"color: #000000; font-size: 14px;\"><strong>Pierre Cr\u00e9sut<br \/>\n<\/strong><em>4<sup>e<\/sup> adjoint<\/em><\/span><\/p>\n<p style=\"text-align: center;\">D\u00e9l\u00e9gu\u00e9 \u00e0 l&rsquo;urbanisme et aux affaires culturelles<\/p>\n<p>[\/vc_column_text][\/vc_column_inner][\/vc_row_inner][vc_empty_space][vc_row_inner css=\u00a0\u00bb.vc_custom_1774863577185{margin-top: 0px !important;margin-bottom: 0px !important;}\u00a0\u00bb][vc_column_inner width=\u00a0\u00bb1\/4&Prime;][vc_single_image image=\u00a0\u00bb19642&Prime; img_size=\u00a0\u00bb182&#215;250&Prime; alignment=\u00a0\u00bbcenter\u00a0\u00bb][vc_empty_space height=\u00a0\u00bb15px\u00a0\u00bb][vc_column_text]<\/p>\n<p style=\"text-align: center;\"><span style=\"color: #000000; font-size: 14px;\"><strong>Nathalie Gilard<br \/>\n<\/strong><em>5<sup>e<\/sup> adjointe<\/em><\/span><\/p>\n<p style=\"text-align: center;\">D\u00e9l\u00e9gu\u00e9e aux travaux et au suivi des commissions de s\u00e9curit\u00e9<\/p>\n<p>[\/vc_column_text][\/vc_column_inner][vc_column_inner width=\u00a0\u00bb1\/4&Prime;][vc_single_image image=\u00a0\u00bb19643&Prime; img_size=\u00a0\u00bb182&#215;250&Prime; alignment=\u00a0\u00bbcenter\u00a0\u00bb][vc_empty_space height=\u00a0\u00bb15px\u00a0\u00bb][vc_column_text]<\/p>\n<p style=\"text-align: center;\"><span style=\"color: #000000; font-size: 14px;\"><strong>Jean-Louis Latugaye<br \/>\n<\/strong><em>6<sup>e<\/sup> adjoint<\/em><\/span><\/p>\n<p style=\"text-align: center;\">D\u00e9l\u00e9gu\u00e9 aux relations avec les associations communales<\/p>\n<p style=\"text-align: center;\"><span style=\"font-size: 13px;\">R\u00e9f\u00e9rent de quartier Magnanac<\/span><\/p>\n<p>[\/vc_column_text][\/vc_column_inner][vc_column_inner width=\u00a0\u00bb1\/4&Prime;][vc_single_image image=\u00a0\u00bb19644&Prime; img_size=\u00a0\u00bb182&#215;250&Prime; alignment=\u00a0\u00bbcenter\u00a0\u00bb][vc_empty_space height=\u00a0\u00bb15px\u00a0\u00bb][vc_column_text]<\/p>\n<p style=\"text-align: center;\"><span style=\"color: #000000; font-size: 14px;\"><strong>Jade Malafosse<br \/>\n<\/strong><em>7<sup>e<\/sup> adjointe<\/em><\/span><\/p>\n<p style=\"text-align: center;\">D\u00e9l\u00e9gu\u00e9e \u00e0 la communication et aux activit\u00e9s \u00e9conomiques<\/p>\n<p>[\/vc_column_text][\/vc_column_inner][vc_column_inner width=\u00a0\u00bb1\/4&Prime;][vc_single_image image=\u00a0\u00bb19645&Prime; img_size=\u00a0\u00bb182&#215;250&Prime; alignment=\u00a0\u00bbcenter\u00a0\u00bb][vc_empty_space height=\u00a0\u00bb15px\u00a0\u00bb][vc_column_text]<\/p>\n<p style=\"text-align: center;\"><span style=\"color: #000000; font-size: 14px;\"><strong>Jacques Aso<br \/>\n<\/strong><em>8<sup>e<\/sup> adjoint<\/em><\/span><\/p>\n<p style=\"text-align: center;\">D\u00e9l\u00e9gu\u00e9 \u00e0 l&rsquo;action sociale<\/p>\n<p style=\"text-align: center;\"><span style=\"font-size: 13px;\">R\u00e9f\u00e9rent de quartier Rive gauche<\/span><\/p>\n<p>[\/vc_column_text][\/vc_column_inner][\/vc_row_inner][vc_empty_space][vc_row_inner css=\u00a0\u00bb.vc_custom_1774863577185{margin-top: 0px !important;margin-bottom: 0px !important;}\u00a0\u00bb][vc_column_inner width=\u00a0\u00bb1\/4&Prime;][vc_single_image image=\u00a0\u00bb19648&Prime; img_size=\u00a0\u00bb182&#215;250&Prime; alignment=\u00a0\u00bbcenter\u00a0\u00bb][vc_empty_space height=\u00a0\u00bb15px\u00a0\u00bb][vc_column_text]<\/p>\n<p style=\"text-align: center;\"><span style=\"color: #000000; font-size: 14px;\"><strong>Laure Picard<br \/>\n<\/strong><em>Conseill\u00e8re municipale<\/em><\/span><\/p>\n<p style=\"text-align: center;\">D\u00e9l\u00e9gu\u00e9e aux march\u00e9s de plein vent, aux commer\u00e7ants ambulants et au d\u00e9veloppement agricole<\/p>\n<p style=\"text-align: center;\"><span style=\"font-size: 13px;\">R\u00e9f\u00e9rente quartier Rive droite<\/span><\/p>\n<p>[\/vc_column_text][\/vc_column_inner][vc_column_inner width=\u00a0\u00bb1\/4&Prime;][vc_single_image image=\u00a0\u00bb19646&Prime; img_size=\u00a0\u00bb182&#215;250&Prime; alignment=\u00a0\u00bbcenter\u00a0\u00bb][vc_empty_space height=\u00a0\u00bb15px\u00a0\u00bb][vc_column_text]<\/p>\n<p style=\"text-align: center;\"><strong>Christophe Mazzoleni<br \/>\n<\/strong><span style=\"color: #000000; font-size: 14px;\"><em>Conseiller municipal<\/em><\/span><strong><br \/>\n<\/strong><\/p>\n<p style=\"text-align: center;\">D\u00e9l\u00e9gu\u00e9 \u00e0 la maintenance, \u00e0 l&rsquo;entretien des b\u00e2timents communaux et \u00e0 l&rsquo;environnement<\/p>\n<p style=\"text-align: center;\"><span style=\"font-size: 13px;\">R\u00e9f\u00e9rent de quartier Rive droite<\/span><\/p>\n<p>[\/vc_column_text][\/vc_column_inner][vc_column_inner width=\u00a0\u00bb1\/4&Prime;][vc_single_image image=\u00a0\u00bb19647&Prime; img_size=\u00a0\u00bb182&#215;250&Prime; alignment=\u00a0\u00bbcenter\u00a0\u00bb][vc_empty_space height=\u00a0\u00bb15px\u00a0\u00bb][vc_column_text]<\/p>\n<p style=\"text-align: center;\"><span style=\"color: #000000; font-size: 14px;\"><strong>Audrey Ramond<br \/>\n<\/strong><em>Conseill\u00e8re municipale<\/em><strong><br \/>\n<\/strong><\/span><\/p>\n<p style=\"text-align: center;\">D\u00e9l\u00e9gu\u00e9e aux festivit\u00e9s<\/p>\n<p style=\"text-align: center;\"><span style=\"font-size: 13px;\">R\u00e9f\u00e9rente de quartier Sayrac<\/span><\/p>\n<p>[\/vc_column_text][\/vc_column_inner][vc_column_inner width=\u00a0\u00bb1\/4&Prime;][vc_single_image image=\u00a0\u00bb19649&Prime; img_size=\u00a0\u00bb182&#215;250&Prime; alignment=\u00a0\u00bbcenter\u00a0\u00bb][vc_empty_space height=\u00a0\u00bb15px\u00a0\u00bb][vc_column_text]<\/p>\n<p style=\"text-align: center;\"><strong>Micka\u00ebl Moulon<br \/>\n<\/strong><span style=\"color: #000000; font-size: 14px;\"><em>Conseiller municipal<\/em><\/span><strong><br \/>\n<\/strong><\/p>\n<p style=\"text-align: center;\">D\u00e9l\u00e9gu\u00e9 r\u00e9f\u00e9rent des associations sportives de la commune<\/p>\n<p style=\"text-align: center;\"><span style=\"font-size: 13px;\">R\u00e9f\u00e9rent de quartier Magnanac<\/span><\/p>\n<p>[\/vc_column_text][\/vc_column_inner][\/vc_row_inner][vc_empty_space][vc_row_inner css=\u00a0\u00bb.vc_custom_1774863577185{margin-top: 0px !important;margin-bottom: 0px !important;}\u00a0\u00bb][vc_column_inner width=\u00a0\u00bb1\/5&Prime;][vc_single_image image=\u00a0\u00bb19650&Prime; img_size=\u00a0\u00bb182&#215;250&Prime; alignment=\u00a0\u00bbcenter\u00a0\u00bb][vc_empty_space height=\u00a0\u00bb15px\u00a0\u00bb][vc_column_text]<\/p>\n<p style=\"text-align: center;\"><span style=\"color: #000000; font-size: 14px;\"><strong>C\u00e9line Cammas-Souli\u00e9<br \/>\n<\/strong><em>Conseill\u00e8re municipale<\/em><strong><br \/>\n<\/strong><\/span><\/p>\n<p style=\"text-align: center;\">D\u00e9l\u00e9gu\u00e9e \u00e0 la jeunesse<\/p>\n<p>[\/vc_column_text][\/vc_column_inner][vc_column_inner width=\u00a0\u00bb1\/5&Prime;][vc_single_image image=\u00a0\u00bb19651&Prime; img_size=\u00a0\u00bb182&#215;250&Prime; alignment=\u00a0\u00bbcenter\u00a0\u00bb][vc_empty_space height=\u00a0\u00bb15px\u00a0\u00bb][vc_column_text]<\/p>\n<p style=\"text-align: center;\"><strong>Eric Espanol<br \/>\n<\/strong><span style=\"color: #000000; font-size: 14px;\"><em>Conseiller municipal<\/em><\/span><strong><br \/>\n<\/strong><\/p>\n<p style=\"text-align: center;\">D\u00e9l\u00e9gu\u00e9 \u00e0 l&rsquo;utilisation des \u00e9quipements sportifs<\/p>\n<p>[\/vc_column_text][\/vc_column_inner][vc_column_inner width=\u00a0\u00bb1\/5&Prime;][vc_single_image image=\u00a0\u00bb19652&Prime; img_size=\u00a0\u00bb182&#215;250&Prime; alignment=\u00a0\u00bbcenter\u00a0\u00bb][vc_empty_space height=\u00a0\u00bb15px\u00a0\u00bb][vc_column_text]<\/p>\n<p style=\"text-align: center;\"><strong>Brigitte Berto<br \/>\n<\/strong><span style=\"color: #000000; font-size: 14px;\"><em>Conseill\u00e8re municipale<\/em><\/span><strong><br \/>\n<\/strong><\/p>\n<p style=\"text-align: center;\">D\u00e9l\u00e9gu\u00e9e aux actions pour les seniors et \u00e0 l&rsquo;accueil des primo-arrivants<\/p>\n<p>[\/vc_column_text][\/vc_column_inner][vc_column_inner width=\u00a0\u00bb1\/5&Prime;][vc_single_image image=\u00a0\u00bb19653&Prime; img_size=\u00a0\u00bb182&#215;250&Prime; alignment=\u00a0\u00bbcenter\u00a0\u00bb][vc_empty_space height=\u00a0\u00bb15px\u00a0\u00bb][vc_column_text]<\/p>\n<p style=\"text-align: center;\"><strong>Fr\u00e9d\u00e9ric Burgalat<br \/>\n<\/strong><span style=\"color: #000000; font-size: 14px;\"><em>Conseiller municipal<\/em><\/span><strong><br \/>\n<\/strong><\/p>\n<p style=\"text-align: center;\">D\u00e9l\u00e9gu\u00e9 \u00e0 la formation des agents municipaux<\/p>\n<p>[\/vc_column_text][\/vc_column_inner][vc_column_inner width=\u00a0\u00bb1\/5&Prime;][vc_single_image image=\u00a0\u00bb19654&Prime; img_size=\u00a0\u00bb182&#215;250&Prime; alignment=\u00a0\u00bbcenter\u00a0\u00bb][vc_empty_space height=\u00a0\u00bb15px\u00a0\u00bb][vc_column_text]<\/p>\n<p style=\"text-align: center;\"><strong>Sonia Gomez<br \/>\n<\/strong><span style=\"color: #000000; font-size: 14px;\"><em>Conseill\u00e8re municipale<\/em><\/span><strong><br \/>\n<\/strong><\/p>\n<p style=\"text-align: center;\">D\u00e9l\u00e9gu\u00e9e \u00e0 la recherche de subventions aupr\u00e8s de partenaires institutionnels<\/p>\n<p style=\"text-align: center;\"><span style=\"font-size: 13px;\">R\u00e9f\u00e9rent de quartier Rive gauche<\/span><\/p>\n<p>[\/vc_column_text][\/vc_column_inner][\/vc_row_inner][vc_empty_space][vc_row_inner css=\u00a0\u00bb.vc_custom_1774863577185{margin-top: 0px !important;margin-bottom: 0px !important;}\u00a0\u00bb][vc_column_inner width=\u00a0\u00bb1\/6&Prime;][vc_single_image image=\u00a0\u00bb19655&Prime; img_size=\u00a0\u00bb182&#215;250&Prime; alignment=\u00a0\u00bbcenter\u00a0\u00bb][vc_empty_space height=\u00a0\u00bb15px\u00a0\u00bb][vc_column_text]<\/p>\n<p style=\"text-align: center;\"><strong>Herv\u00e9 B\u00e9nech<br \/>\n<\/strong><span style=\"color: #000000; font-size: 14px;\"><em>Conseiller municipal<\/em><\/span><strong><br \/>\n<\/strong><\/p>\n<p style=\"text-align: center;\">D\u00e9l\u00e9gu\u00e9 aux relations avec les associations sur l&rsquo;\u00e9ducation et la jeunesse<\/p>\n<p>[\/vc_column_text][\/vc_column_inner][vc_column_inner width=\u00a0\u00bb1\/6&Prime;][vc_single_image image=\u00a0\u00bb19656&Prime; img_size=\u00a0\u00bb182&#215;250&Prime; alignment=\u00a0\u00bbcenter\u00a0\u00bb][vc_empty_space height=\u00a0\u00bb15px\u00a0\u00bb][vc_column_text]<\/p>\n<p style=\"text-align: center;\"><strong>Oc\u00e9ane Hillairet<br \/>\n<\/strong><span style=\"color: #000000; font-size: 14px;\"><em>Conseill\u00e8re municipale<\/em><\/span><strong><br \/>\n<\/strong><\/p>\n<p style=\"text-align: center;\">D\u00e9l\u00e9gu\u00e9e \u00e0 la gestion des march\u00e9s publics<\/p>\n<p>[\/vc_column_text][\/vc_column_inner][vc_column_inner width=\u00a0\u00bb1\/6&Prime;][vc_single_image image=\u00a0\u00bb19657&Prime; img_size=\u00a0\u00bb182&#215;250&Prime; alignment=\u00a0\u00bbcenter\u00a0\u00bb][vc_empty_space height=\u00a0\u00bb15px\u00a0\u00bb][vc_column_text]<\/p>\n<p style=\"text-align: center;\"><strong>Guillaume Turroques<br \/>\n<\/strong><span style=\"color: #000000; font-size: 14px;\"><em>Conseiller municipal<\/em><\/span><strong><br \/>\n<\/strong><\/p>\n<p style=\"text-align: center;\">D\u00e9l\u00e9gu\u00e9 au d\u00e9veloppement durable<\/p>\n<p style=\"text-align: center;\"><span style=\"font-size: 13px;\">R\u00e9f\u00e9rent de quartier Le Terme<\/span><\/p>\n<p>[\/vc_column_text][\/vc_column_inner][vc_column_inner width=\u00a0\u00bb1\/6&Prime;][vc_single_image image=\u00a0\u00bb19660&Prime; img_size=\u00a0\u00bb182&#215;250&Prime; alignment=\u00a0\u00bbcenter\u00a0\u00bb][vc_empty_space height=\u00a0\u00bb15px\u00a0\u00bb][vc_column_text]<\/p>\n<p style=\"text-align: center;\"><strong>Chlo\u00e9 Placier<br \/>\n<\/strong><span style=\"color: #000000; font-size: 14px;\"><em>Conseill\u00e8re municipale<\/em><\/span><strong><br \/>\n<\/strong><\/p>\n<p style=\"text-align: center;\">D\u00e9l\u00e9gu\u00e9e au d\u00e9veloppement commercial et aux commerces \u00e9ph\u00e9m\u00e8res<\/p>\n<p>[\/vc_column_text][\/vc_column_inner][vc_column_inner width=\u00a0\u00bb1\/6&Prime;][vc_single_image image=\u00a0\u00bb19658&Prime; img_size=\u00a0\u00bb182&#215;250&Prime; alignment=\u00a0\u00bbcenter\u00a0\u00bb][vc_empty_space height=\u00a0\u00bb15px\u00a0\u00bb][vc_column_text]<\/p>\n<p style=\"text-align: center;\"><strong>Michel Not<br \/>\n<\/strong><em><span style=\"color: #000000; font-size: 14px;\">Conseiller municipal<\/span><\/em><strong><br \/>\n<\/strong><\/p>\n<p style=\"text-align: center;\">D\u00e9l\u00e9gu\u00e9 au protocole et aux c\u00e9r\u00e9monies r\u00e9galiennes<\/p>\n<p>[\/vc_column_text][\/vc_column_inner][vc_column_inner width=\u00a0\u00bb1\/6&Prime;][vc_single_image image=\u00a0\u00bb19659&Prime; img_size=\u00a0\u00bb182&#215;250&Prime; alignment=\u00a0\u00bbcenter\u00a0\u00bb][vc_empty_space height=\u00a0\u00bb15px\u00a0\u00bb][vc_column_text]<\/p>\n<p style=\"text-align: center;\"><strong>Nathalie Blatche<br \/>\n<\/strong><span style=\"color: #000000; font-size: 14px;\"><em>Conseill\u00e8re municipale<\/em><\/span><strong><br \/>\n<\/strong><\/p>\n<p style=\"text-align: center;\">D\u00e9l\u00e9gu\u00e9e \u00e0 la propret\u00e9 de la ville et des \u00e9carts et \u00e0 Villes et villages fleuris<\/p>\n<p>[\/vc_column_text][\/vc_column_inner][\/vc_row_inner][\/vc_column][\/vc_row][vc_row][vc_column css=\u00a0\u00bb.vc_custom_1605796811010{margin-top: -20px !important;margin-bottom: -20px !important;}\u00a0\u00bb][vc_column_text]<\/p>\n<h1><span style=\"color: #ff6600;\">Groupe minoritaire<\/span><\/h1>\n<p>[\/vc_column_text][vc_row_inner css=\u00a0\u00bb.vc_custom_1774863577185{margin-top: 0px !important;margin-bottom: 0px !important;}\u00a0\u00bb][vc_column_inner width=\u00a0\u00bb1\/6&Prime;][vc_column_text]<\/p>\n<p style=\"text-align: center;\"><strong>Florence Deltort<\/strong><\/p>\n<p>[\/vc_column_text][\/vc_column_inner][vc_column_inner width=\u00a0\u00bb1\/6&Prime;][vc_column_text]<\/p>\n<p style=\"text-align: center;\"><strong>Christine Pommereul<\/strong><\/p>\n<p>[\/vc_column_text][\/vc_column_inner][vc_column_inner width=\u00a0\u00bb1\/6&Prime;][vc_column_text]<\/p>\n<p style=\"text-align: center;\"><strong>Daniel R\u00e9gis<\/strong><\/p>\n<p>[\/vc_column_text][\/vc_column_inner][vc_column_inner width=\u00a0\u00bb1\/6&Prime;][\/vc_column_inner][vc_column_inner width=\u00a0\u00bb1\/6&Prime;][vc_column_text]<\/p>\n<p style=\"text-align: center;\"><strong>Olivier de Benedictis<\/strong><\/p>\n<p>[\/vc_column_text][\/vc_column_inner][vc_column_inner width=\u00a0\u00bb1\/6&Prime;][vc_column_text]<\/p>\n<p style=\"text-align: center;\"><strong>Louise Michard<\/strong><\/p>\n<p>[\/vc_column_text][\/vc_column_inner][\/vc_row_inner][\/vc_column][\/vc_row][vc_row disable_element=\u00a0\u00bbyes\u00a0\u00bb css=\u00a0\u00bb.vc_custom_1774004798405{margin-top: -150px !important;}\u00a0\u00bb][vc_column css=\u00a0\u00bb.vc_custom_1545147718762{margin-top: -80px !important;}\u00a0\u00bb][vc_column_text]<\/p>\n<h2><span style=\"color: #ff6600;\">Les permanences des \u00e9lus&nbsp;<\/span><\/h2>\n<p>&nbsp;<\/p>\n<p style=\"text-align: left;\">Pour prendre rendez-vous avec un \u00e9lu, cliquez sur le bouton ci-dessous en indiquant quel \u00e9lu vous sollicitez en objet du mail.<\/p>\n<p>[\/vc_column_text][vc_btn title=\u00a0\u00bbSolliciter un rendez-vous\u00a0\u00bb color=\u00a0\u00bbsandy-brown\u00a0\u00bb size=\u00a0\u00bbsm\u00a0\u00bb align=\u00a0\u00bbcenter\u00a0\u00bb link=\u00a0\u00bburl:mailto%3Acabinetdumaire%40mairie-villemur-sur-tarn.fr|title:Solliciter%20un%20rendez-vous|target:%20_blank|\u00a0\u00bb][\/vc_column][\/vc_row]<\/p>\n","protected":false},"excerpt":{"rendered":"<p>[vc_row][vc_column css=\u00a0\u00bb.vc_custom_1605796811010{margin-top: -20px !important;margin-bottom: -20px !important;}\u00a0\u00bb][vc_column_text] Le Conseil Municipal [\/vc_column_text][vc_row_inner css=\u00a0\u00bb.vc_custom_1774862939848{margin-top: 0px !important;margin-bottom: -20px !important;}\u00a0\u00bb][vc_column_inner width=\u00a0\u00bb1\/3&Prime;][\/vc_column_inner][vc_column_inner width=\u00a0\u00bb1\/3&Prime;][vc_single_image image=\u00a0\u00bb19851&Prime; img_size=\u00a0\u00bb250&#215;344&Prime; alignment=\u00a0\u00bbcenter\u00a0\u00bb css=\u00a0\u00bb.vc_custom_1777284053912{border-radius: 3px !important;}\u00a0\u00bb][vc_empty_space height=\u00a0\u00bb15px\u00a0\u00bb][vc_column_text] Serge Moulet Maire de Villemur-sur-Tarn [\/vc_column_text][vc_btn title=\u00a0\u00bbSolliciter un rendez-vous\u00a0\u00bb color=\u00a0\u00bbsandy-brown\u00a0\u00bb size=\u00a0\u00bbsm\u00a0\u00bb align=\u00a0\u00bbcenter\u00a0\u00bb link=\u00a0\u00bburl:mailto%3Acabinetdumaire%40mairie-villemur-sur-tarn.fr|title:Solliciter%20un%20rendez-vous|target:%20_blank|\u00a0\u00bb][\/vc_column_inner][vc_column_inner width=\u00a0\u00bb1\/3&Prime;][\/vc_column_inner][\/vc_row_inner][\/vc_column][\/vc_row][vc_row css=\u00a0\u00bb.vc_custom_1774863585868{margin-top: -150px !important;margin-bottom: -20px !important;}\u00a0\u00bb][vc_column css=\u00a0\u00bb.vc_custom_1605796811010{margin-top: -20px !important;margin-bottom: -20px !important;}\u00a0\u00bb][vc_separator][vc_row_inner css=\u00a0\u00bb.vc_custom_1774863577185{margin-top: 0px !important;margin-bottom: 0px !important;}\u00a0\u00bb][vc_column_inner width=\u00a0\u00bb1\/4&Prime;][vc_single_image image=\u00a0\u00bb19638&Prime; [&hellip;]<\/p>\n","protected":false},"author":1,"featured_media":0,"parent":3975,"menu_order":0,"comment_status":"closed","ping_status":"closed","template":"","meta":{"_uag_custom_page_level_css":"","ngg_post_thumbnail":0,"footnotes":""},"class_list":["post-3979","page","type-page","status-publish","hentry"],"yoast_head":"<!-- This site is optimized with the Yoast SEO plugin v27.5 - https:\/\/yoast.com\/product\/yoast-seo-wordpress\/ -->\n<title>LE MAIRE &amp; LES \u00c9LUS - Mairie Villemur-sur-Tarn<\/title>\n<meta name=\"description\" content=\"Retrouvez le Maire et les \u00e9lus du conseil municipal de la ville de Villemur-sur-Tarn, avec leurs d\u00e9l\u00e9gations respectives.\" \/>\n<meta name=\"robots\" content=\"index, follow, max-snippet:-1, max-image-preview:large, max-video-preview:-1\" \/>\n<link rel=\"canonical\" href=\"https:\/\/www.mairie-villemur-sur-tarn.fr\/site\/votre-mairie\/le-maire-les-elus\/\" \/>\n<meta property=\"og:locale\" content=\"fr_FR\" \/>\n<meta property=\"og:type\" content=\"article\" \/>\n<meta property=\"og:title\" content=\"LE MAIRE &amp; LES \u00c9LUS - Mairie Villemur-sur-Tarn\" \/>\n<meta property=\"og:description\" content=\"Retrouvez le Maire et les \u00e9lus du conseil municipal de la ville de Villemur-sur-Tarn, avec leurs d\u00e9l\u00e9gations respectives.\" \/>\n<meta property=\"og:url\" content=\"https:\/\/www.mairie-villemur-sur-tarn.fr\/site\/votre-mairie\/le-maire-les-elus\/\" \/>\n<meta property=\"og:site_name\" content=\"Mairie Villemur-sur-Tarn\" \/>\n<meta property=\"article:publisher\" content=\"https:\/\/www.facebook.com\/mairievillemursurtarn\" \/>\n<meta property=\"article:modified_time\" content=\"2026-04-27T12:57:29+00:00\" \/>\n<meta name=\"twitter:card\" content=\"summary_large_image\" \/>\n<meta name=\"twitter:label1\" content=\"Dur\u00e9e de lecture estim\u00e9e\" \/>\n\t<meta name=\"twitter:data1\" content=\"4 minutes\" \/>\n<script type=\"application\/ld+json\" class=\"yoast-schema-graph\">{\"@context\":\"https:\\\/\\\/schema.org\",\"@graph\":[{\"@type\":\"WebPage\",\"@id\":\"https:\\\/\\\/www.mairie-villemur-sur-tarn.fr\\\/site\\\/votre-mairie\\\/le-maire-les-elus\\\/\",\"url\":\"https:\\\/\\\/www.mairie-villemur-sur-tarn.fr\\\/site\\\/votre-mairie\\\/le-maire-les-elus\\\/\",\"name\":\"LE MAIRE &amp; LES \u00c9LUS - Mairie Villemur-sur-Tarn\",\"isPartOf\":{\"@id\":\"https:\\\/\\\/www.mairie-villemur-sur-tarn.fr\\\/site\\\/#website\"},\"datePublished\":\"2018-12-10T14:05:38+00:00\",\"dateModified\":\"2026-04-27T12:57:29+00:00\",\"description\":\"Retrouvez le Maire et les \u00e9lus du conseil municipal de la ville de Villemur-sur-Tarn, avec leurs d\u00e9l\u00e9gations respectives.\",\"breadcrumb\":{\"@id\":\"https:\\\/\\\/www.mairie-villemur-sur-tarn.fr\\\/site\\\/votre-mairie\\\/le-maire-les-elus\\\/#breadcrumb\"},\"inLanguage\":\"fr-FR\",\"potentialAction\":[{\"@type\":\"ReadAction\",\"target\":[\"https:\\\/\\\/www.mairie-villemur-sur-tarn.fr\\\/site\\\/votre-mairie\\\/le-maire-les-elus\\\/\"]}]},{\"@type\":\"BreadcrumbList\",\"@id\":\"https:\\\/\\\/www.mairie-villemur-sur-tarn.fr\\\/site\\\/votre-mairie\\\/le-maire-les-elus\\\/#breadcrumb\",\"itemListElement\":[{\"@type\":\"ListItem\",\"position\":1,\"name\":\"Accueil\",\"item\":\"https:\\\/\\\/www.mairie-villemur-sur-tarn.fr\\\/site\\\/\"},{\"@type\":\"ListItem\",\"position\":2,\"name\":\"VOTRE MAIRIE\",\"item\":\"https:\\\/\\\/www.mairie-villemur-sur-tarn.fr\\\/site\\\/votre-mairie\\\/\"},{\"@type\":\"ListItem\",\"position\":3,\"name\":\"LE MAIRE &amp; LES \u00c9LUS\"}]},{\"@type\":\"WebSite\",\"@id\":\"https:\\\/\\\/www.mairie-villemur-sur-tarn.fr\\\/site\\\/#website\",\"url\":\"https:\\\/\\\/www.mairie-villemur-sur-tarn.fr\\\/site\\\/\",\"name\":\"Mairie Villemur-sur-Tarn\",\"description\":\"Site officiel canton Villemur Toulouse Nord. D\u00e9marches en ligne, conseil municipal, actualit\u00e9s Villemur, Annuaire Villemur, March\u00e9s...\",\"publisher\":{\"@id\":\"https:\\\/\\\/www.mairie-villemur-sur-tarn.fr\\\/site\\\/#organization\"},\"potentialAction\":[{\"@type\":\"SearchAction\",\"target\":{\"@type\":\"EntryPoint\",\"urlTemplate\":\"https:\\\/\\\/www.mairie-villemur-sur-tarn.fr\\\/site\\\/?s={search_term_string}\"},\"query-input\":{\"@type\":\"PropertyValueSpecification\",\"valueRequired\":true,\"valueName\":\"search_term_string\"}}],\"inLanguage\":\"fr-FR\"},{\"@type\":\"Organization\",\"@id\":\"https:\\\/\\\/www.mairie-villemur-sur-tarn.fr\\\/site\\\/#organization\",\"name\":\"Mairie Villemur-sur-Tarn\",\"url\":\"https:\\\/\\\/www.mairie-villemur-sur-tarn.fr\\\/site\\\/\",\"logo\":{\"@type\":\"ImageObject\",\"inLanguage\":\"fr-FR\",\"@id\":\"https:\\\/\\\/www.mairie-villemur-sur-tarn.fr\\\/site\\\/#\\\/schema\\\/logo\\\/image\\\/\",\"url\":\"https:\\\/\\\/www.mairie-villemur-sur-tarn.fr\\\/site\\\/wp-content\\\/uploads\\\/Villemur-LOGO-carre-PNG.png\",\"contentUrl\":\"https:\\\/\\\/www.mairie-villemur-sur-tarn.fr\\\/site\\\/wp-content\\\/uploads\\\/Villemur-LOGO-carre-PNG.png\",\"width\":887,\"height\":886,\"caption\":\"Mairie Villemur-sur-Tarn\"},\"image\":{\"@id\":\"https:\\\/\\\/www.mairie-villemur-sur-tarn.fr\\\/site\\\/#\\\/schema\\\/logo\\\/image\\\/\"},\"sameAs\":[\"https:\\\/\\\/www.facebook.com\\\/mairievillemursurtarn\",\"https:\\\/\\\/www.instagram.com\\\/villemur_sur_tarn\\\/\"]}]}<\/script>\n<!-- \/ Yoast SEO plugin. -->","yoast_head_json":{"title":"LE MAIRE &amp; LES \u00c9LUS - Mairie Villemur-sur-Tarn","description":"Retrouvez le Maire et les \u00e9lus du conseil municipal de la ville de Villemur-sur-Tarn, avec leurs d\u00e9l\u00e9gations respectives.","robots":{"index":"index","follow":"follow","max-snippet":"max-snippet:-1","max-image-preview":"max-image-preview:large","max-video-preview":"max-video-preview:-1"},"canonical":"https:\/\/www.mairie-villemur-sur-tarn.fr\/site\/votre-mairie\/le-maire-les-elus\/","og_locale":"fr_FR","og_type":"article","og_title":"LE MAIRE &amp; LES \u00c9LUS - Mairie Villemur-sur-Tarn","og_description":"Retrouvez le Maire et les \u00e9lus du conseil municipal de la ville de Villemur-sur-Tarn, avec leurs d\u00e9l\u00e9gations respectives.","og_url":"https:\/\/www.mairie-villemur-sur-tarn.fr\/site\/votre-mairie\/le-maire-les-elus\/","og_site_name":"Mairie Villemur-sur-Tarn","article_publisher":"https:\/\/www.facebook.com\/mairievillemursurtarn","article_modified_time":"2026-04-27T12:57:29+00:00","twitter_card":"summary_large_image","twitter_misc":{"Dur\u00e9e de lecture estim\u00e9e":"4 minutes"},"schema":{"@context":"https:\/\/schema.org","@graph":[{"@type":"WebPage","@id":"https:\/\/www.mairie-villemur-sur-tarn.fr\/site\/votre-mairie\/le-maire-les-elus\/","url":"https:\/\/www.mairie-villemur-sur-tarn.fr\/site\/votre-mairie\/le-maire-les-elus\/","name":"LE MAIRE &amp; LES \u00c9LUS - Mairie Villemur-sur-Tarn","isPartOf":{"@id":"https:\/\/www.mairie-villemur-sur-tarn.fr\/site\/#website"},"datePublished":"2018-12-10T14:05:38+00:00","dateModified":"2026-04-27T12:57:29+00:00","description":"Retrouvez le Maire et les \u00e9lus du conseil municipal de la ville de Villemur-sur-Tarn, avec leurs d\u00e9l\u00e9gations respectives.","breadcrumb":{"@id":"https:\/\/www.mairie-villemur-sur-tarn.fr\/site\/votre-mairie\/le-maire-les-elus\/#breadcrumb"},"inLanguage":"fr-FR","potentialAction":[{"@type":"ReadAction","target":["https:\/\/www.mairie-villemur-sur-tarn.fr\/site\/votre-mairie\/le-maire-les-elus\/"]}]},{"@type":"BreadcrumbList","@id":"https:\/\/www.mairie-villemur-sur-tarn.fr\/site\/votre-mairie\/le-maire-les-elus\/#breadcrumb","itemListElement":[{"@type":"ListItem","position":1,"name":"Accueil","item":"https:\/\/www.mairie-villemur-sur-tarn.fr\/site\/"},{"@type":"ListItem","position":2,"name":"VOTRE MAIRIE","item":"https:\/\/www.mairie-villemur-sur-tarn.fr\/site\/votre-mairie\/"},{"@type":"ListItem","position":3,"name":"LE MAIRE &amp; LES \u00c9LUS"}]},{"@type":"WebSite","@id":"https:\/\/www.mairie-villemur-sur-tarn.fr\/site\/#website","url":"https:\/\/www.mairie-villemur-sur-tarn.fr\/site\/","name":"Mairie Villemur-sur-Tarn","description":"Site officiel canton Villemur Toulouse Nord. D\u00e9marches en ligne, conseil municipal, actualit\u00e9s Villemur, Annuaire Villemur, March\u00e9s...","publisher":{"@id":"https:\/\/www.mairie-villemur-sur-tarn.fr\/site\/#organization"},"potentialAction":[{"@type":"SearchAction","target":{"@type":"EntryPoint","urlTemplate":"https:\/\/www.mairie-villemur-sur-tarn.fr\/site\/?s={search_term_string}"},"query-input":{"@type":"PropertyValueSpecification","valueRequired":true,"valueName":"search_term_string"}}],"inLanguage":"fr-FR"},{"@type":"Organization","@id":"https:\/\/www.mairie-villemur-sur-tarn.fr\/site\/#organization","name":"Mairie Villemur-sur-Tarn","url":"https:\/\/www.mairie-villemur-sur-tarn.fr\/site\/","logo":{"@type":"ImageObject","inLanguage":"fr-FR","@id":"https:\/\/www.mairie-villemur-sur-tarn.fr\/site\/#\/schema\/logo\/image\/","url":"https:\/\/www.mairie-villemur-sur-tarn.fr\/site\/wp-content\/uploads\/Villemur-LOGO-carre-PNG.png","contentUrl":"https:\/\/www.mairie-villemur-sur-tarn.fr\/site\/wp-content\/uploads\/Villemur-LOGO-carre-PNG.png","width":887,"height":886,"caption":"Mairie Villemur-sur-Tarn"},"image":{"@id":"https:\/\/www.mairie-villemur-sur-tarn.fr\/site\/#\/schema\/logo\/image\/"},"sameAs":["https:\/\/www.facebook.com\/mairievillemursurtarn","https:\/\/www.instagram.com\/villemur_sur_tarn\/"]}]}},"uagb_featured_image_src":{"full":false,"thumbnail":false,"medium":false,"medium_large":false,"large":false,"1536x1536":false,"2048x2048":false,"post-thumbnail":false,"winnex_medium":false,"winnex_height":false},"uagb_author_info":{"display_name":"Mairie de Villemur-sur-Tarn","author_link":"https:\/\/www.mairie-villemur-sur-tarn.fr\/site\/author\/villmurtarn_admin\/"},"uagb_comment_info":0,"uagb_excerpt":"[vc_row][vc_column css=\u00a0\u00bb.vc_custom_1605796811010{margin-top: -20px !important;margin-bottom: -20px !important;}\u00a0\u00bb][vc_column_text] Le Conseil Municipal [\/vc_column_text][vc_row_inner css=\u00a0\u00bb.vc_custom_1774862939848{margin-top: 0px !important;margin-bottom: -20px !important;}\u00a0\u00bb][vc_column_inner width=\u00a0\u00bb1\/3&Prime;][\/vc_column_inner][vc_column_inner width=\u00a0\u00bb1\/3&Prime;][vc_single_image image=\u00a0\u00bb19851&Prime; img_size=\u00a0\u00bb250&#215;344&Prime; alignment=\u00a0\u00bbcenter\u00a0\u00bb css=\u00a0\u00bb.vc_custom_1777284053912{border-radius: 3px !important;}\u00a0\u00bb][vc_empty_space height=\u00a0\u00bb15px\u00a0\u00bb][vc_column_text] Serge Moulet Maire de Villemur-sur-Tarn [\/vc_column_text][vc_btn title=\u00a0\u00bbSolliciter un rendez-vous\u00a0\u00bb color=\u00a0\u00bbsandy-brown\u00a0\u00bb size=\u00a0\u00bbsm\u00a0\u00bb align=\u00a0\u00bbcenter\u00a0\u00bb link=\u00a0\u00bburl:mailto%3Acabinetdumaire%40mairie-villemur-sur-tarn.fr|title:Solliciter%20un%20rendez-vous|target:%20_blank|\u00a0\u00bb][\/vc_column_inner][vc_column_inner width=\u00a0\u00bb1\/3&Prime;][\/vc_column_inner][\/vc_row_inner][\/vc_column][\/vc_row][vc_row css=\u00a0\u00bb.vc_custom_1774863585868{margin-top: -150px !important;margin-bottom: -20px !important;}\u00a0\u00bb][vc_column css=\u00a0\u00bb.vc_custom_1605796811010{margin-top: -20px !important;margin-bottom: -20px !important;}\u00a0\u00bb][vc_separator][vc_row_inner css=\u00a0\u00bb.vc_custom_1774863577185{margin-top: 0px !important;margin-bottom: 0px !important;}\u00a0\u00bb][vc_column_inner width=\u00a0\u00bb1\/4&Prime;][vc_single_image image=\u00a0\u00bb19638&Prime;\u2026","_links":{"self":[{"href":"https:\/\/www.mairie-villemur-sur-tarn.fr\/site\/wp-json\/wp\/v2\/pages\/3979","targetHints":{"allow":["GET"]}}],"collection":[{"href":"https:\/\/www.mairie-villemur-sur-tarn.fr\/site\/wp-json\/wp\/v2\/pages"}],"about":[{"href":"https:\/\/www.mairie-villemur-sur-tarn.fr\/site\/wp-json\/wp\/v2\/types\/page"}],"author":[{"embeddable":true,"href":"https:\/\/www.mairie-villemur-sur-tarn.fr\/site\/wp-json\/wp\/v2\/users\/1"}],"replies":[{"embeddable":true,"href":"https:\/\/www.mairie-villemur-sur-tarn.fr\/site\/wp-json\/wp\/v2\/comments?post=3979"}],"version-history":[{"count":111,"href":"https:\/\/www.mairie-villemur-sur-tarn.fr\/site\/wp-json\/wp\/v2\/pages\/3979\/revisions"}],"predecessor-version":[{"id":19868,"href":"https:\/\/www.mairie-villemur-sur-tarn.fr\/site\/wp-json\/wp\/v2\/pages\/3979\/revisions\/19868"}],"up":[{"embeddable":true,"href":"https:\/\/www.mairie-villemur-sur-tarn.fr\/site\/wp-json\/wp\/v2\/pages\/3975"}],"wp:attachment":[{"href":"https:\/\/www.mairie-villemur-sur-tarn.fr\/site\/wp-json\/wp\/v2\/media?parent=3979"}],"curies":[{"name":"wp","href":"https:\/\/api.w.org\/{rel}","templated":true}]}}